{"id":1682,"date":"2020-12-11T19:55:42","date_gmt":"2020-12-11T18:55:42","guid":{"rendered":"https:\/\/adriana-netz.de\/?page_id=1682\/"},"modified":"2025-08-02T09:14:02","modified_gmt":"2025-08-02T07:14:02","slug":"proteccion-de-datos","status":"publish","type":"page","link":"https:\/\/adriana-netz.de\/es\/proteccion-de-datos\/","title":{"rendered":"Declaraci\u00f3n de protecci\u00f3n de datos"},"content":{"rendered":"\n<p><strong>Protecci\u00f3n de datos y datos personales<\/strong><\/p>\n\n\n\n<p>Adriana Netz le agradece el inter\u00e9s en sus servicios de traducci\u00f3n. En principio, es posible visitar el sitio web www.adriana-netz.de sin necesidad de facilitar datos personales. Sin embargo, si desea recurrir a un servicio especial a trav\u00e9s de esta p\u00e1gina web, puede ser necesario recoger y tratar datos personales. Si este es el caso y el tratamiento no se basa en ning\u00fan fundamento jur\u00eddico, Adriana Netz solicitar\u00e1 su consentimiento para ello.<\/p>\n\n\n\n<p>El tratamiento de sus datos personales (por ejemplo nombre, direcci\u00f3n postal o de correo electr\u00f3nico, n\u00famero de tel\u00e9fono), respetar\u00e1 por supuesto las normas legales de protecci\u00f3n de datos establecidas en el Reglamento europeo de Protecci\u00f3n de Datos (RGPD) y las disposiciones espec\u00edficas del pa\u00eds sede de Adriana Netz.<\/p>\n\n\n\n<p>La entidad responsable en el sentido del art. 4 N\u00b0 7 del Reglamento europeo de Protecci\u00f3n de Datos (RGPD) es Adriana Netz, siendo ella la operadora de este sitio web. Sus datos de contacto se encuentran en el <a href=\"https:\/\/adriana-netz.de\/es\/aviso-legal\/\">Aviso legal<\/a>. Han sido adoptadas medidas t\u00e9cnicas y organizativas para la protecci\u00f3n de los datos personales recogidos a trav\u00e9s de este sitio web. Sin embargo, la transmisi\u00f3n de datos en Internet puede presentar fallos de seguridad. Por lo tanto, los usuarios pueden optar por otros canales de comunicaci\u00f3n, como por ejemplo, llamando por <a href=\"tel:+49 (0)30 23 56 39 61\">tel\u00e9fono<\/a>.<\/p>\n\n\n\n<p><strong>Ficheros de registro (Ficheros log)<\/strong><\/p>\n\n\n\n<p>Cuando usted accede a este sitio web, autom\u00e1ticamente se recopilan y almacenan informaciones generales, los llamados ficheros log, que implican por ejemplo: tipo y versi\u00f3n del buscador, sistema operativo y proveedor de servicios de Internet del sistema de acceso, direcci\u00f3n IP, fecha y hora de la solicitud del servidor, cantidad de datos transmitidos, sitio web desde el que un sistema accede a este (los llamados referentes), nombre del archivo solicitado e informaciones similares necesarias para la protecci\u00f3n de este sitio web contra ataques a sus sistemas inform\u00e1ticos.<\/p>\n\n\n\n<p>Estos datos se generan autom\u00e1ticamente y son necesarios para optimizar la oferta de este sitio web y la tecnolog\u00eda que lo respalda, as\u00ed como para una entrega correcta de los contenidos solicitados.<\/p>\n\n\n\n<p>La direcci\u00f3n IP de los usuarios se acorta antes de ser almacenada para permitir una geolocalizaci\u00f3n aproximada, y se elimina una vez transcurrido el plazo de 60 d\u00edas. Por lo tanto, las informaciones recopiladas son completamente an\u00f3nimas y su evaluaci\u00f3n no permite ninguna identificaci\u00f3n individual, tampoco posteriormente. Las informaciones no se vinculan con ninguna base de datos ni se transmiten a terceros.<\/p>\n\n\n\n<p>La evaluaci\u00f3n de los datos se realiza exclusivamente en Alemania y tiene lugar en el servidor del proveedor&nbsp;de esta p\u00e1gina web con el que se ha concluido un contrato para el tratamiento de datos.<\/p>\n\n\n\n<p><strong>Cookies<\/strong><br>Este sitio web no utiliza cookies para almacenar datos personales ni intercambiarlos con terceros.<\/p>\n\n\n\n<p><strong>Comunicaci\u00f3n a trav\u00e9s de formulario de contacto y correo electr\u00f3nico<\/strong><\/p>\n\n\n\n<p>Si se pone en contacto con Adriana Netz a trav\u00e9s del formulario de contacto o por correo electr\u00f3nico, las informaciones que facilita (nombre, direcci\u00f3n postal y de correo electr\u00f3nico, etc.) y los documentos que transmite son almacenados para poder responder a su mensaje, elaborar un presupuesto, realizar el trabajo encargado, y, dado seg\u00fan el caso, contestar preguntas posteriores y realizar sucesivos trabajos. Estos datos y documentos, las traducciones y los dem\u00e1s trabajos realizados, junto con las facturas correspondientes y toda la comunicaci\u00f3n electr\u00f3nica no se transmitir\u00e1n a terceros sin su autorizaci\u00f3n expresa. Su tratamiento y almacenamiento se llevan a cabo respetando los plazos de conservaci\u00f3n legales.<\/p>\n\n\n\n<p><strong>Eliminaci\u00f3n de datos personales y documentos<\/strong><\/p>\n\n\n\n<p>Al no realizarse ning\u00fan pedido en el plazo de 3 meses a contar desde la primera consulta o la comunicaci\u00f3n de un presupuesto, los datos personales recogidos, los documentos facilitados y toda la comunicaci\u00f3n electr\u00f3nica ser\u00e1n eliminados. Tras una negativa por parte del\/de la interesado\/a, \u00e9stos ser\u00e1n eliminados al instante. Usted tiene el derecho de solicitar la eliminaci\u00f3n de sus datos y documentos antes de que expire dicho plazo. (V\u00e9ase \u201cDerecho de acceso, rectificaci\u00f3n, supresi\u00f3n, bloqueo\u201d.)<\/p>\n\n\n\n<p>La eliminaci\u00f3n de los datos personales y documentos relacionados con trabajos ya realizados y entregados se ajusta a los plazos de conservaci\u00f3n legales.<\/p>\n\n\n\n<p><strong>Encriptaci\u00f3n SSL<\/strong><\/p>\n\n\n\n<p>Por razones de seguridad y para proteger la transmisi\u00f3n de contenidos confidenciales (tambi\u00e9n en el marco de la comunicaci\u00f3n a trav\u00e9s del formulario de contacto o por correo electr\u00f3nico) esta p\u00e1gina web tiene implementada la tecnolog\u00eda de encriptaci\u00f3n SSL. El s\u00edmbolo de una conexi\u00f3n encriptada es un candado delante de la direcci\u00f3n que figura en la barra de direcciones de su navegador. Dado el caso, la direcci\u00f3n no empieza con \u201chttp:\/\/\u201d sino con \u201chttps:\/\/\u201d. Una vez activada la encriptaci\u00f3n SSL, los datos transmitidos a Adriana Netz no pueden ser vistos por terceros.<\/p>\n\n\n\n<p><strong>Redes sociales<\/strong><\/p>\n\n\n\n<p>Adriana Netz tiene perfiles en las redes sociales. Los enlaces para visitar las plataformas correspondientes son simples im\u00e1genes que no constituyen ning\u00fan plug-in o script. Por lo tanto, reci\u00e9n al hacer clic en uno de ellos se inicia la transmisi\u00f3n de sus datos a la plataforma de destino.<\/p>\n\n\n\n<p><strong>Licitud del tratamiento de datos personales<\/strong><\/p>\n\n\n\n<p>La licitud del tratamiento de datos personales por parte de Adriana Netz resulta de los art\u00edculos del Reglamento europeo de Protecci\u00f3n de Datos (RGPD) que a continuaci\u00f3n se detallan:<\/p>\n\n\n\n<ul class=\"wp-block-list\"><li>Art. 6 p\u00e1rr. 1 letra a): Consentimiento para el tratamiento de datos personales<\/li><li>Art. 6 p\u00e1rr. 1 letra. b): Ejecuci\u00f3n de un contrato o aplicaci\u00f3n a petici\u00f3n de medidas precontractuales<\/li><li>Art. 6 p\u00e1rr. 1 letra c): Cumplimiento de obligaciones legales, por ejemplo fiscales<\/li><li>Art. 6 p\u00e1rr. 1 letra d): Protecci\u00f3n de intereses vitales (por ejemplo, accidente del cliente en la oficina del responsable del tratamiento y necesidad de transmitir sus datos (vitales) a un m\u00e9dico, hospital o tercero).<\/li><li>Art. 6 p\u00e1rr. 1 letra f) junto con el considerando N\u00b0 47, segunda frase: Intereses leg\u00edtimos perseguidos por el responsable del tratamiento debido a que el interesado (usted) es su cliente.<\/li><\/ul>\n\n\n\n<p>El inter\u00e9s leg\u00edtimo de Adriana Netz en el sentido de la letra f) del apartado 1 del art\u00edculo 6 es llevar a cabo sus actividades comerciales en beneficio de todas las personas implicadas.<\/p>\n\n\n\n<ul class=\"wp-block-list\"><li>Art. 9 p\u00e1rr. 2 letra a): Consentimiento para el tratamiento de categor\u00edas especiales de datos personales<\/li><li>Art. 10 considerando 50 (2): Consentimiento para el tratamiento de datos personales relativos a condenas e infracciones penales<\/li><\/ul>\n\n\n\n<p>De acuerdo con el art. 4 p\u00e1rrafo 11 RGPD, las siguientes acciones se consideran como consentimiento para el tratamiento de sus datos personales: contactar a Adriana Netz a trav\u00e9s del formulario de contacto o por correo electr\u00f3nico solicitando un presupuesto, dejar un mensaje en el contestador (l\u00ednea fija y m\u00f3vil) del responsable solicitando una llamada, encargar un servicio ling\u00fc\u00edstico brindado por Adriana Netz. El consentimiento se da para cada caso individual, siendo siempre voluntario.<\/p>\n\n\n\n<p><strong>Derecho de acceso, rectificaci\u00f3n, supresi\u00f3n, bloqueo<\/strong><\/p>\n\n\n\n<p>Usted tiene el derecho de solicitar en cualquier momento informaci\u00f3n acerca de sus datos personales almacenados por Adriana Netz y la finalidad de su tratamiento. Asimismo, tiene el derecho a que sus datos sean corregidos, bloqueados o borrados con la excepci\u00f3n de que sean producto de una obligaci\u00f3n legal de almacenamiento.<br>Usted puede solicitar la rectificaci\u00f3n de sus datos y revocar su consentimiento para el tratamiento y\/o almacenamiento de sus datos y documentos en cualquier momento con efecto futuro. Para ello, env\u00ede un mensaje a Adriana Netz bajo el contacto que figura en el <a href=\"https:\/\/adriana-netz.de\/es\/aviso-legal\/\">Aviso legal<\/a>.<\/p>\n\n\n\n<p><strong>Modificaci\u00f3n de esta Declaraci\u00f3n de protecci\u00f3n de datos<\/strong><\/p>\n\n\n\n<p>Adriana Netz se reserva el derecho de modificar esta declaraci\u00f3n de protecci\u00f3n de datos para adaptarla a la implantaci\u00f3n de nuevas medidas de seguridad, cambios en los requisitos legales o a la oferta de nuevos servicios a trav\u00e9s de este sitio web. Por lo tanto puede ser que en su pr\u00f3xima visita la Declaraci\u00f3n de protecci\u00f3n de datos de Adriana Netz haya sido modificada.<\/p>\n\n\n\n<p>Esta Declaraci\u00f3n de protecci\u00f3n de datos fue elaborada recurriendo, entre otras, a las informaciones proporcionadas por las sociedades <a href=\"https:\/\/dg-datenschutz.de\/\" target=\"_blank\" rel=\"noreferrer noopener nofollow\">Deutsche Gesellschaft f\u00fcr Datenschutz GmbH (DGD)<\/a> y <a href=\"https:\/\/www.activemind.de\/datenschutz\/datenschutzhinweis-generator\/\" target=\"_blank\" rel=\"noreferrer noopener nofollow\">activeMind AG<\/a>.<\/p>\n","protected":false},"excerpt":{"rendered":"<p>Protecci\u00f3n de datos y datos personales Adriana Netz le agradece el inter\u00e9s en sus servicios de traducci\u00f3n. En principio, es posible visitar el sitio web www.adriana-netz.de sin necesidad de facilitar datos personales. Sin embargo, si desea recurrir a un servicio especial a trav\u00e9s de esta p\u00e1gina web, puede ser necesario recoger y tratar datos personales. Si este es el caso [&hellip;]<\/p>\n","protected":false},"author":1,"featured_media":0,"parent":0,"menu_order":0,"comment_status":"closed","ping_status":"closed","template":"","meta":{"inline_featured_image":false,"_uag_custom_page_level_css":"","site-sidebar-layout":"default","site-content-layout":"default","ast-site-content-layout":"default","site-content-style":"default","site-sidebar-style":"default","ast-global-header-display":"","ast-banner-title-visibility":"","ast-main-header-display":"","ast-hfb-above-header-display":"","ast-hfb-below-header-display":"","ast-hfb-mobile-header-display":"","site-post-title":"disabled","ast-breadcrumbs-content":"","ast-featured-img":"","footer-sml-layout":"","ast-disable-related-posts":"","theme-transparent-header-meta":"disabled","adv-header-id-meta":"","stick-header-meta":"enabled","header-above-stick-meta":"","header-main-stick-meta":"on","header-below-stick-meta":"","astra-migrate-meta-layouts":"default","ast-page-background-enabled":"default","ast-page-background-meta":{"desktop":{"background-color":"","background-image":"","background-repeat":"repeat","background-position":"center center","background-size":"auto","background-attachment":"scroll","background-type":"","background-media":"","overlay-type":"","overlay-color":"","overlay-opacity":"","overlay-gradient":""},"tablet":{"background-color":"","background-image":"","background-repeat":"repeat","background-position":"center center","background-size":"auto","background-attachment":"scroll","background-type":"","background-media":"","overlay-type":"","overlay-color":"","overlay-opacity":"","overlay-gradient":""},"mobile":{"background-color":"","background-image":"","background-repeat":"repeat","background-position":"center center","background-size":"auto","background-attachment":"scroll","background-type":"","background-media":"","overlay-type":"","overlay-color":"","overlay-opacity":"","overlay-gradient":""}},"ast-content-background-meta":{"desktop":{"background-color":"var(--ast-global-color-5)","background-image":"","background-repeat":"repeat","background-position":"center center","background-size":"auto","background-attachment":"scroll","background-type":"","background-media":"","overlay-type":"","overlay-color":"","overlay-opacity":"","overlay-gradient":""},"tablet":{"background-color":"var(--ast-global-color-5)","background-image":"","background-repeat":"repeat","background-position":"center center","background-size":"auto","background-attachment":"scroll","background-type":"","background-media":"","overlay-type":"","overlay-color":"","overlay-opacity":"","overlay-gradient":""},"mobile":{"background-color":"var(--ast-global-color-5)","background-image":"","background-repeat":"repeat","background-position":"center center","background-size":"auto","background-attachment":"scroll","background-type":"","background-media":"","overlay-type":"","overlay-color":"","overlay-opacity":"","overlay-gradient":""}},"footnotes":""},"class_list":["post-1682","page","type-page","status-publish","hentry"],"uagb_featured_image_src":{"full":false,"thumbnail":false,"medium":false,"medium_large":false,"large":false,"1536x1536":false,"2048x2048":false},"uagb_author_info":{"display_name":"Adriana Netz","author_link":"https:\/\/adriana-netz.de\/es\/author\/piturbo\/"},"uagb_comment_info":0,"uagb_excerpt":"Protecci\u00f3n de datos y datos personales Adriana Netz le agradece el inter\u00e9s en sus servicios de traducci\u00f3n. En principio, es posible visitar el sitio web www.adriana-netz.de sin necesidad de facilitar datos personales. Sin embargo, si desea recurrir a un servicio especial a trav\u00e9s de esta p\u00e1gina web, puede ser necesario recoger y tratar datos personales.&hellip;","_links":{"self":[{"href":"https:\/\/adriana-netz.de\/es\/wp-json\/wp\/v2\/pages\/1682","targetHints":{"allow":["GET"]}}],"collection":[{"href":"https:\/\/adriana-netz.de\/es\/wp-json\/wp\/v2\/pages"}],"about":[{"href":"https:\/\/adriana-netz.de\/es\/wp-json\/wp\/v2\/types\/page"}],"author":[{"embeddable":true,"href":"https:\/\/adriana-netz.de\/es\/wp-json\/wp\/v2\/users\/1"}],"replies":[{"embeddable":true,"href":"https:\/\/adriana-netz.de\/es\/wp-json\/wp\/v2\/comments?post=1682"}],"version-history":[{"count":0,"href":"https:\/\/adriana-netz.de\/es\/wp-json\/wp\/v2\/pages\/1682\/revisions"}],"wp:attachment":[{"href":"https:\/\/adriana-netz.de\/es\/wp-json\/wp\/v2\/media?parent=1682"}],"curies":[{"name":"wp","href":"https:\/\/api.w.org\/{rel}","templated":true}]}}